{"id":85370,"date":"2023-01-10T11:57:09","date_gmt":"2023-01-10T10:57:09","guid":{"rendered":"http:\/\/test-blog.com.tui.plusline.net\/?page_id=85370"},"modified":"2026-03-09T11:17:11","modified_gmt":"2026-03-09T10:17:11","slug":"startseite","status":"publish","type":"page","link":"https:\/\/www.tui.ch\/de\/blog\/","title":{"rendered":"Startseite"},"content":{"rendered":"\r\n    <section class=\"home-carousel-wrapper\">\r\n        <div class=\"home-carousel-controls\">\r\n            <button type=\"button\" class=\"prev\" aria-label=\"Vorherige Folie\">\r\n                <svg xmlns=\"http:\/\/www.w3.org\/2000\/svg\" width=\"44.004\" height=\"88.004\">\r\n                    <g data-name=\"Gruppe 250\">\r\n                        <path data-name=\"Differenzmenge 1\" class=\"icon-bg\" d=\"M.002.002a43.8 43.8 0 0 1 24.6 7.514 44.134 44.134 0 0 1 15.943 19.359 43.741 43.741 0 0 1 2.563 8.26 44.341 44.341 0 0 1 .894 8.867 43.782 43.782 0 0 1-7.515 24.6 44.244 44.244 0 0 1-11.886 11.885A43.812 43.812 0 0 1 .002 88.002Z\" fill=\"rgba(255,255,255,0.75)\"><\/path>\r\n                        <path data-name=\"Icon ionic-ios-arrow-back\" class=\"icon-arrow\" d=\"m9.987 43.998 13.384-13.375a2.528 2.528 0 1 0-3.58-3.57L4.627 42.208a2.523 2.523 0 0 0-.074 3.486L19.78 60.952a2.528 2.528 0 0 0 3.58-3.57Z\"><\/path>\r\n                    <\/g>\r\n                <\/svg>\r\n            <\/button>\r\n            <button type=\"button\" class=\"next\" aria-label=\"N\u00e4chste Folie\">\r\n                <svg xmlns=\"http:\/\/www.w3.org\/2000\/svg\" width=\"44.004\" height=\"88.004\">\r\n                    <g data-name=\"Gruppe 249\">\r\n                        <path data-name=\"Differenzmenge 2\" class=\"icon-bg\" d=\"M44.002 88.002a43.8 43.8 0 0 1-24.6-7.514A44.134 44.134 0 0 1 3.459 61.129a43.741 43.741 0 0 1-2.563-8.26 44.341 44.341 0 0 1-.894-8.867 43.782 43.782 0 0 1 7.515-24.6A44.244 44.244 0 0 1 19.403 7.517 43.812 43.812 0 0 1 44.002.002Z\" fill=\"rgba(255,255,255,0.75)\"><\/path>\r\n                        <path data-name=\"Icon ionic-ios-arrow-back\" class=\"icon-arrow\" d=\"M34.017 44.006 20.633 57.381a2.528 2.528 0 1 0 3.58 3.57l15.164-15.155a2.523 2.523 0 0 0 .074-3.486L24.224 27.052a2.528 2.528 0 0 0-3.58 3.57Z\"><\/path>\r\n                    <\/g>\r\n                <\/svg>\r\n            <\/button>\r\n        <\/div>\r\n\r\n        <div id=\"home-carousel\" class=\"home-carousel slider\" role=\"region\" aria-roledescription=\"Karussell\" aria-label=\"Hervorgehobene Beitr\u00e4ge\">\r\n            \r\n                    <div class=\"slide\">\r\n                        <div class=\"slide-inner\">\r\n                            <a href=\"https:\/\/www.tui.ch\/de\/blog\/reisetipps-fuer-die-kalte-wintersaison-mit-edelweiss\/\"\r\n                                class=\"panel-carousel loadcontent\"\r\n                                onclick=\"utag &#038;&#038; utag.link &#038;&#038; utag.link({ link_category: 'hero491935' });\">\r\n                                <img loading=\"lazy\" decoding=\"async\" width=\"1920\" height=\"1080\" src=\"https:\/\/www.tui.ch\/de\/blog\/wp-content\/uploads\/2025\/12\/Edelweiss_Blog_Titelbild_1920x1080.png\" class=\"attachment-full size-full wp-post-image\" alt=\"\" srcset=\"https:\/\/www.tui.ch\/de\/blog\/wp-content\/uploads\/2025\/12\/Edelweiss_Blog_Titelbild_1920x1080.png 1920w, https:\/\/www.tui.ch\/de\/blog\/wp-content\/uploads\/2025\/12\/Edelweiss_Blog_Titelbild_1920x1080-790x444.png 790w, https:\/\/www.tui.ch\/de\/blog\/wp-content\/uploads\/2025\/12\/Edelweiss_Blog_Titelbild_1920x1080-1000x563.png 1000w, https:\/\/www.tui.ch\/de\/blog\/wp-content\/uploads\/2025\/12\/Edelweiss_Blog_Titelbild_1920x1080-320x180.png 320w, https:\/\/www.tui.ch\/de\/blog\/wp-content\/uploads\/2025\/12\/Edelweiss_Blog_Titelbild_1920x1080-768x432.png 768w, https:\/\/www.tui.ch\/de\/blog\/wp-content\/uploads\/2025\/12\/Edelweiss_Blog_Titelbild_1920x1080-1536x864.png 1536w, https:\/\/www.tui.ch\/de\/blog\/wp-content\/uploads\/2025\/12\/Edelweiss_Blog_Titelbild_1920x1080-390x220.png 390w\" sizes=\"auto, (max-width: 1920px) 100vw, 1920px\" \/>\r\n                                <div class=\"head-container\">\r\n                                    <div class=\"vertical-center\">\r\n                                        <div class=\"panel-body\">\r\n                                                                                            <p class=\"post-headline\">\r\n                                                    Reisetipps f\u00fcr die kalte Wintersaison \u2013 mit Edelweiss\u00a0                                                <\/p>\r\n                                                                                    <\/div>\r\n                                    <\/div>\r\n                                <\/div>\r\n                            <\/a>\r\n                        <\/div>\r\n                    <\/div>\r\n\r\n            \r\n                    <div class=\"slide\">\r\n                        <div class=\"slide-inner\">\r\n                            <a href=\"https:\/\/www.tui.ch\/de\/blog\/unter-wasser-und-ueber-duenen-sharm-el-sheikh-mit-eva-wannemacher-erleben\/\"\r\n                                class=\"panel-carousel loadcontent\"\r\n                                onclick=\"utag &#038;&#038; utag.link &#038;&#038; utag.link({ link_category: 'hero488307' });\">\r\n                                <img loading=\"lazy\" decoding=\"async\" width=\"2560\" height=\"1707\" src=\"https:\/\/www.tui.ch\/de\/blog\/wp-content\/uploads\/2025\/10\/AdobeStock_506771843-scaled-1.jpeg\" class=\"attachment-full size-full wp-post-image\" alt=\"\" srcset=\"https:\/\/www.tui.ch\/de\/blog\/wp-content\/uploads\/2025\/10\/AdobeStock_506771843-scaled-1.jpeg 2560w, https:\/\/www.tui.ch\/de\/blog\/wp-content\/uploads\/2025\/10\/AdobeStock_506771843-scaled-1-666x444.jpeg 666w, https:\/\/www.tui.ch\/de\/blog\/wp-content\/uploads\/2025\/10\/AdobeStock_506771843-scaled-1-844x563.jpeg 844w, https:\/\/www.tui.ch\/de\/blog\/wp-content\/uploads\/2025\/10\/AdobeStock_506771843-scaled-1-768x512.jpeg 768w, https:\/\/www.tui.ch\/de\/blog\/wp-content\/uploads\/2025\/10\/AdobeStock_506771843-scaled-1-1536x1024.jpeg 1536w, https:\/\/www.tui.ch\/de\/blog\/wp-content\/uploads\/2025\/10\/AdobeStock_506771843-scaled-1-2048x1366.jpeg 2048w, https:\/\/www.tui.ch\/de\/blog\/wp-content\/uploads\/2025\/10\/AdobeStock_506771843-scaled-1-330x220.jpeg 330w\" sizes=\"auto, (max-width: 2560px) 100vw, 2560px\" \/>\r\n                                <div class=\"head-container\">\r\n                                    <div class=\"vertical-center\">\r\n                                        <div class=\"panel-body\">\r\n                                                                                            <p class=\"post-headline\">\r\n                                                    Unter Wasser und \u00fcber D\u00fcnen: Sharm el-Sheikh mit Eva Wannemacher erleben                                                <\/p>\r\n                                                                                    <\/div>\r\n                                    <\/div>\r\n                                <\/div>\r\n                            <\/a>\r\n                        <\/div>\r\n                    <\/div>\r\n\r\n            \r\n                    <div class=\"slide\">\r\n                        <div class=\"slide-inner\">\r\n                            <a href=\"https:\/\/www.tui.ch\/de\/blog\/cote-dazur-die-franzoesische-riviera-in-all-ihren-facetten\/\"\r\n                                class=\"panel-carousel loadcontent\"\r\n                                onclick=\"utag &#038;&#038; utag.link &#038;&#038; utag.link({ link_category: 'hero484071' });\">\r\n                                <img loading=\"lazy\" decoding=\"async\" width=\"2560\" height=\"1382\" src=\"https:\/\/www.tui.ch\/de\/blog\/wp-content\/uploads\/2025\/07\/Titelbild_Frankreichblog-scaled-e1751960134136.jpeg\" class=\"attachment-full size-full wp-post-image\" alt=\"\" srcset=\"https:\/\/www.tui.ch\/de\/blog\/wp-content\/uploads\/2025\/07\/Titelbild_Frankreichblog-scaled-e1751960134136.jpeg 2560w, https:\/\/www.tui.ch\/de\/blog\/wp-content\/uploads\/2025\/07\/Titelbild_Frankreichblog-scaled-e1751960134136-790x426.jpeg 790w, https:\/\/www.tui.ch\/de\/blog\/wp-content\/uploads\/2025\/07\/Titelbild_Frankreichblog-scaled-e1751960134136-1000x540.jpeg 1000w, https:\/\/www.tui.ch\/de\/blog\/wp-content\/uploads\/2025\/07\/Titelbild_Frankreichblog-scaled-e1751960134136-768x415.jpeg 768w, https:\/\/www.tui.ch\/de\/blog\/wp-content\/uploads\/2025\/07\/Titelbild_Frankreichblog-scaled-e1751960134136-1536x829.jpeg 1536w, https:\/\/www.tui.ch\/de\/blog\/wp-content\/uploads\/2025\/07\/Titelbild_Frankreichblog-scaled-e1751960134136-2048x1106.jpeg 2048w, https:\/\/www.tui.ch\/de\/blog\/wp-content\/uploads\/2025\/07\/Titelbild_Frankreichblog-scaled-e1751960134136-390x211.jpeg 390w\" sizes=\"auto, (max-width: 2560px) 100vw, 2560px\" \/>\r\n                                <div class=\"head-container\">\r\n                                    <div class=\"vertical-center\">\r\n                                        <div class=\"panel-body\">\r\n                                                                                            <p class=\"post-headline\">\r\n                                                    C\u00f4te d\u2019Azur \u2013 Die franz\u00f6sische Riviera in all ihren Facetten                                                <\/p>\r\n                                                                                    <\/div>\r\n                                    <\/div>\r\n                                <\/div>\r\n                            <\/a>\r\n                        <\/div>\r\n                    <\/div>\r\n\r\n                    <\/div>\r\n\r\n        <div class=\"home-carousel-dots\"><\/div>\r\n    <\/section>\r\n\r\n\n\n<div class=\"gb-container gb-container-af47a24d\"><div class=\"gb-inside-container\">\n<div class=\"gb-container gb-container-5c7c3cd9\"><div class=\"gb-inside-container\">\n\n<h2 class=\"wp-block-heading has-text-align-center\"><strong>Die Welt wartet auf dich \u2013 entdecke sie mit dem TUI Blog&nbsp;<\/strong><\/h2>\n\n\n<div class=\"gb-grid-wrapper gb-grid-wrapper-d192131f\">\n<div class=\"gb-grid-column gb-grid-column-37509a55\"><div class=\"gb-container gb-container-37509a55\"><div class=\"gb-inside-container\">\n\n<p class=\"has-text-align-center\">Du tr\u00e4umst von deiner n\u00e4chsten Auszeit, weisst aber noch nicht, wohin es gehen soll? Auf dem TUI Blog nehmen wir dich mit auf eine Entdeckungsreise rund um die Welt. Ob sonnige Str\u00e4nde, spannende Bergabenteuer oder pulsierende St\u00e4dte \u2013 hier findest du inspirierende Reisegeschichten, praktische Tipps und exklusive Empfehlungen, die deine Ferienideen lebendig machen. Lass dich inspirieren, sammle neue Eindr\u00fccke und finde genau das Ziel, das dich richtig gl\u00fccklich macht \u2013 direkt auf dem TUI Blog!&nbsp;<\/p>\n\n<\/div><\/div><\/div>\n\n<div class=\"gb-grid-column gb-grid-column-d0527909\"><div class=\"gb-container gb-container-d0527909\"><div class=\"gb-inside-container\">\n\n<figure class=\"gb-block-image gb-block-image-2002ccc2\"><img loading=\"lazy\" decoding=\"async\" width=\"428\" height=\"428\" class=\"gb-image gb-image-2002ccc2\" src=\"https:\/\/www.tui.ch\/de\/blog\/wp-content\/uploads\/2025\/10\/stamp_tui_blog_reisemagazin_blue.webp\" alt=\"\" title=\"stamp_tui_blog_reisemagazin_blue\" srcset=\"https:\/\/www.tui.ch\/de\/blog\/wp-content\/uploads\/2025\/10\/stamp_tui_blog_reisemagazin_blue.webp 428w, https:\/\/www.tui.ch\/de\/blog\/wp-content\/uploads\/2025\/10\/stamp_tui_blog_reisemagazin_blue-220x220.webp 220w, https:\/\/www.tui.ch\/de\/blog\/wp-content\/uploads\/2025\/10\/stamp_tui_blog_reisemagazin_blue-24x24.webp 24w, https:\/\/www.tui.ch\/de\/blog\/wp-content\/uploads\/2025\/10\/stamp_tui_blog_reisemagazin_blue-48x48.webp 48w, https:\/\/www.tui.ch\/de\/blog\/wp-content\/uploads\/2025\/10\/stamp_tui_blog_reisemagazin_blue-96x96.webp 96w, https:\/\/www.tui.ch\/de\/blog\/wp-content\/uploads\/2025\/10\/stamp_tui_blog_reisemagazin_blue-150x150.webp 150w, https:\/\/www.tui.ch\/de\/blog\/wp-content\/uploads\/2025\/10\/stamp_tui_blog_reisemagazin_blue-300x300.webp 300w\" sizes=\"auto, (max-width: 428px) 100vw, 428px\" \/><\/figure>\n\n<\/div><\/div><\/div>\n<\/div>\n<\/div><\/div>\n<\/div><\/div>\n\n<div class=\"gb-container gb-container-35cc9493\"><div class=\"gb-inside-container\">\n    <div class=\"teaser-item teaser-block\">\r\n        <div class=\"row\">\r\n                            <article class=\"teaserbox\" style=\"background-image: url('https:\/\/www.tui.ch\/de\/blog\/wp-content\/uploads\/2025\/10\/Teaser-Bild-1-scaled.jpg')\">\r\n                    <a href=\"http:\/\/www.tui.ch\/de\/pauschalreisen\/fruehbucher\/#c20093552\" target=\"_blank\"\r\n                       class=\"teaserbox-gradient\"\r\n                       aria-label=\"Fr\u00fchbuchen und profitieren \"><\/a>\r\n                                            <div class=\"teaser-panel\">\r\n                            <p class=\"teaserbox-title\">Fr\u00fchbuchen und profitieren <\/p>\r\n                        <\/div>\r\n                                    <\/article>\r\n                            <article class=\"teaserbox\" style=\"background-image: url('https:\/\/www.tui.ch\/de\/blog\/wp-content\/uploads\/2025\/10\/Teaser-Bild-2-scaled.jpg')\">\r\n                    <a href=\"http:\/\/www.tui.ch\/de\/pauschalreisen\/sonnenziele-im-winter\/#c20011507\" target=\"_blank\"\r\n                       class=\"teaserbox-gradient\"\r\n                       aria-label=\"Dieser Winter kann mehr \"><\/a>\r\n                                            <div class=\"teaser-panel\">\r\n                            <p class=\"teaserbox-title\">Dieser Winter kann mehr <\/p>\r\n                        <\/div>\r\n                                    <\/article>\r\n                            <article class=\"teaserbox\" style=\"background-image: url('https:\/\/www.tui.ch\/de\/blog\/wp-content\/uploads\/2025\/10\/Teaser-Bild-3-scaled.jpg')\">\r\n                    <a href=\"http:\/\/www.tui.ch\/de\/tui-deals\/\" target=\"_blank\"\r\n                       class=\"teaserbox-gradient\"\r\n                       aria-label=\"Deals sichern \"><\/a>\r\n                                            <div class=\"teaser-panel\">\r\n                            <p class=\"teaserbox-title\">Deals sichern <\/p>\r\n                        <\/div>\r\n                                    <\/article>\r\n                            <article class=\"teaserbox\" style=\"background-image: url('https:\/\/www.tui.ch\/de\/blog\/wp-content\/uploads\/2025\/10\/Teaser-Bild-4-scaled.jpg')\">\r\n                    <a href=\"https:\/\/www.tui.ch\/de\/service-kontakt\/newsletter\/?utm_term=blog\" target=\"_blank\"\r\n                       class=\"teaserbox-gradient\"\r\n                       aria-label=\"Jetzt zum Newsletter anmelden \"><\/a>\r\n                                            <div class=\"teaser-panel\">\r\n                            <p class=\"teaserbox-title\">Jetzt zum Newsletter anmelden <\/p>\r\n                        <\/div>\r\n                                    <\/article>\r\n                    <\/div>\r\n    <\/div>\r\n\n<\/div><\/div>\n\n<div class=\"gb-container gb-container-0471e53d\"><div class=\"gb-inside-container\">\n<section class=\"article-block container\">\r\n\r\n    <h2>Unsere neusten Artikel<\/h2>\r\n            <div class=\"highlighted-article\" id=\"\">\r\n            \r\n                                            \r\n\r\n                    <article class=\"highlighted-article--container\">\r\n                        <div class=\"highlighted-article__grid\">\r\n                            <a href=\"https:\/\/www.tui.ch\/de\/blog\/bodrum-und-antalya-entdecken-sommerferien-in-der-tuerkei\/\" class=\"teaser\" style=\"background-image:url('https:\/\/www.tui.ch\/de\/blog\/wp-content\/uploads\/2026\/04\/Kaputas-2-scaled.jpg');\" aria-label=\"Zwischen \u00c4g\u00e4is und Riviera: Bodrum und Antalya neu entdecken\"><\/a>\r\n                            <div class=\"highlighted-article__content\">\r\n                                                                                                    <span class=\"highlighted-article__category\">Ferien am Meer<\/span>\r\n                                                                <h3 class=\"title\"><a href=\"https:\/\/www.tui.ch\/de\/blog\/bodrum-und-antalya-entdecken-sommerferien-in-der-tuerkei\/\">Zwischen \u00c4g\u00e4is und Riviera: Bodrum und Antalya neu entdecken<\/a><\/h3>\r\n                                <time datetime=\"Fr..Apr..2026\" itemprop=\"datePublished\">24.04.2026<\/time>\r\n                                <p class=\"excerpt\">Manche Reiseziele schaffen es schon beim ersten Gedanken, Vorfreude auszul\u00f6sen. Sonne auf der Haut, das Meer in unz\u00e4hligen Blaut\u00f6nen, lange Abende unter freiem Himmel und das Gef\u00fchl, endlich Zeit f\u00fcr das Wesentliche zu haben. Genau dieses Feriengef\u00fchl wartet an der t\u00fcrkischen K\u00fcste. Mit Bodrum und Antalya treffen zwei Destinationen aufeinander, <span class=\"read-more\"><a href=\"https:\/\/www.tui.ch\/de\/blog\/bodrum-und-antalya-entdecken-sommerferien-in-der-tuerkei\/\">Weiterlesen<\/a><\/span><\/p>\r\n                            <\/div>\r\n                        <\/div>\r\n\r\n                    <\/article>\r\n\r\n                \r\n                                                                <div class=\"articles\">\r\n                                                <a href=\"https:\/\/www.tui.ch\/de\/blog\/indien-neu-erleben-mit-reto-hanselmann-zu-palaesten-spiritualitaet-inspiration\/\" aria-label=\"Pal\u00e4ste, Spiritualit\u00e4t und neue Perspektiven: Indien mit Reto Hanselmann entdecken\">\r\n                            <img decoding=\"async\" src=\"https:\/\/www.tui.ch\/de\/blog\/wp-content\/uploads\/2026\/03\/AdobeStock_409593174-390x220.jpeg\" loading=\"lazy\" width=\"100%\" height=\"auto\" alt=\"\">\r\n                        <\/a>\r\n                        <div class=\"\">\r\n                                                        <div class=\"info-grid\">\r\n                                <div><span class=\"highlighted-article__category\">Rundreisen<\/span><\/div>\r\n                                <div class=\"time\"><time datetime=\"Fr..M\u00e4rz.2026\" itemprop=\"datePublished\">20.03.2026<\/time><\/div>\r\n                            <\/div>\r\n                            <h3 class=\"title\"><a href=\"https:\/\/www.tui.ch\/de\/blog\/indien-neu-erleben-mit-reto-hanselmann-zu-palaesten-spiritualitaet-inspiration\/\">Pal\u00e4ste, Spiritualit\u00e4t und neue Perspektiven: Indien mit Reto Hanselmann entdecken<\/a><\/h3>\r\n                        <\/div>\r\n                    <\/div>\r\n\r\n                \r\n                                                                <div class=\"articles\">\r\n                                                <a href=\"https:\/\/www.tui.ch\/de\/blog\/welche-kreuzfahrt-passt-zu-dir\/\" aria-label=\"Welche Kreuzfahrt passt zu dir?\u00a0\">\r\n                            <img decoding=\"async\" src=\"https:\/\/www.tui.ch\/de\/blog\/wp-content\/uploads\/2026\/02\/AdobeStock_224283078-1-147x220.jpeg\" loading=\"lazy\" width=\"100%\" height=\"auto\" alt=\"\">\r\n                        <\/a>\r\n                        <div class=\"\">\r\n                                                        <div class=\"info-grid\">\r\n                                <div><span class=\"highlighted-article__category\">Andere Reisearten<\/span><\/div>\r\n                                <div class=\"time\"><time datetime=\"Di..Feb..2026\" itemprop=\"datePublished\">24.02.2026<\/time><\/div>\r\n                            <\/div>\r\n                            <h3 class=\"title\"><a href=\"https:\/\/www.tui.ch\/de\/blog\/welche-kreuzfahrt-passt-zu-dir\/\">Welche Kreuzfahrt passt zu dir?\u00a0<\/a><\/h3>\r\n                        <\/div>\r\n                    <\/div>\r\n\r\n                \r\n                                                                <div class=\"articles\">\r\n                                                <a href=\"https:\/\/www.tui.ch\/de\/blog\/patras-mit-chair-airlines-geheimtipp-fuer-den-sommer\/\" aria-label=\"Patras mit Chair Airlines: Geheimtipp f\u00fcr den Sommer\">\r\n                            <img decoding=\"async\" src=\"https:\/\/www.tui.ch\/de\/blog\/wp-content\/uploads\/2026\/02\/Blog_Patras_Chair_Titelbild_1-390x220.png\" loading=\"lazy\" width=\"100%\" height=\"auto\" alt=\"\">\r\n                        <\/a>\r\n                        <div class=\"\">\r\n                                                        <div class=\"info-grid\">\r\n                                <div><span class=\"highlighted-article__category\">Ferien am Meer<\/span><\/div>\r\n                                <div class=\"time\"><time datetime=\"Fr..Feb..2026\" itemprop=\"datePublished\">20.02.2026<\/time><\/div>\r\n                            <\/div>\r\n                            <h3 class=\"title\"><a href=\"https:\/\/www.tui.ch\/de\/blog\/patras-mit-chair-airlines-geheimtipp-fuer-den-sommer\/\">Patras mit Chair Airlines: Geheimtipp f\u00fcr den Sommer<\/a><\/h3>\r\n                        <\/div>\r\n                    <\/div>\r\n\r\n                \r\n                                                                <div class=\"articles\">\r\n                                                <a href=\"https:\/\/www.tui.ch\/de\/blog\/rixos-hotels-in-den-vereinigten-arabischen-emiraten-dein-tor-zu-luxurioesen-all-inclusive-ferien\/\" aria-label=\"Rixos Hotels in den Vereinigten Arabischen Emiraten \u2013 dein Tor zu luxuri\u00f6sen All-Inclusive-Ferien\">\r\n                            <img decoding=\"async\" src=\"https:\/\/www.tui.ch\/de\/blog\/wp-content\/uploads\/2026\/01\/Rixos-Hotels-UAE-_-Hero-Image_TUI-390x220.jpg\" loading=\"lazy\" width=\"100%\" height=\"auto\" alt=\"\">\r\n                        <\/a>\r\n                        <div class=\"\">\r\n                                                        <div class=\"info-grid\">\r\n                                <div><span class=\"highlighted-article__category\">Ferien am Meer<\/span><\/div>\r\n                                <div class=\"time\"><time datetime=\"Mo..Feb..2026\" itemprop=\"datePublished\">02.02.2026<\/time><\/div>\r\n                            <\/div>\r\n                            <h3 class=\"title\"><a href=\"https:\/\/www.tui.ch\/de\/blog\/rixos-hotels-in-den-vereinigten-arabischen-emiraten-dein-tor-zu-luxurioesen-all-inclusive-ferien\/\">Rixos Hotels in den Vereinigten Arabischen Emiraten \u2013 dein Tor zu luxuri\u00f6sen All-Inclusive-Ferien<\/a><\/h3>\r\n                        <\/div>\r\n                    <\/div>\r\n\r\n                \r\n                                                                <div class=\"articles\">\r\n                                                <a href=\"https:\/\/www.tui.ch\/de\/blog\/reisetipps-fuer-die-kalte-wintersaison-mit-edelweiss\/\" aria-label=\"Reisetipps f\u00fcr die kalte Wintersaison \u2013 mit Edelweiss\u00a0\">\r\n                            <img decoding=\"async\" src=\"https:\/\/www.tui.ch\/de\/blog\/wp-content\/uploads\/2025\/12\/Edelweiss_Blog_Titelbild_1920x1080-390x220.png\" loading=\"lazy\" width=\"100%\" height=\"auto\" alt=\"\">\r\n                        <\/a>\r\n                        <div class=\"\">\r\n                                                        <div class=\"info-grid\">\r\n                                <div><span class=\"highlighted-article__category\">Planung &amp; Tipps<\/span><\/div>\r\n                                <div class=\"time\"><time datetime=\"Mo..Dez..2025\" itemprop=\"datePublished\">15.12.2025<\/time><\/div>\r\n                            <\/div>\r\n                            <h3 class=\"title\"><a href=\"https:\/\/www.tui.ch\/de\/blog\/reisetipps-fuer-die-kalte-wintersaison-mit-edelweiss\/\">Reisetipps f\u00fcr die kalte Wintersaison \u2013 mit Edelweiss\u00a0<\/a><\/h3>\r\n                        <\/div>\r\n                    <\/div>\r\n\r\n                \r\n                                                                <div class=\"articles\">\r\n                                                <a href=\"https:\/\/www.tui.ch\/de\/blog\/unter-wasser-und-ueber-duenen-sharm-el-sheikh-mit-eva-wannemacher-erleben\/\" aria-label=\"Unter Wasser und \u00fcber D\u00fcnen: Sharm el-Sheikh mit Eva Wannemacher erleben\">\r\n                            <img decoding=\"async\" src=\"https:\/\/www.tui.ch\/de\/blog\/wp-content\/uploads\/2025\/10\/AdobeStock_506771843-scaled-1-330x220.jpeg\" loading=\"lazy\" width=\"100%\" height=\"auto\" alt=\"\">\r\n                        <\/a>\r\n                        <div class=\"\">\r\n                                                        <div class=\"info-grid\">\r\n                                <div><span class=\"highlighted-article__category\">Familienferien<\/span><\/div>\r\n                                <div class=\"time\"><time datetime=\"Fr..Okt..2025\" itemprop=\"datePublished\">10.10.2025<\/time><\/div>\r\n                            <\/div>\r\n                            <h3 class=\"title\"><a href=\"https:\/\/www.tui.ch\/de\/blog\/unter-wasser-und-ueber-duenen-sharm-el-sheikh-mit-eva-wannemacher-erleben\/\">Unter Wasser und \u00fcber D\u00fcnen: Sharm el-Sheikh mit Eva Wannemacher erleben<\/a><\/h3>\r\n                        <\/div>\r\n                    <\/div>\r\n\r\n                \r\n                                        <div class=\"pagination\" data-query=\"{&quot;post_type&quot;:&quot;post&quot;,&quot;posts_per_page&quot;:7,&quot;paged&quot;:1,&quot;orderby&quot;:&quot;date&quot;,&quot;tax_query&quot;:{&quot;relation&quot;:&quot;OR&quot;},&quot;error&quot;:&quot;&quot;,&quot;m&quot;:&quot;&quot;,&quot;p&quot;:0,&quot;post_parent&quot;:&quot;&quot;,&quot;subpost&quot;:&quot;&quot;,&quot;subpost_id&quot;:&quot;&quot;,&quot;attachment&quot;:&quot;&quot;,&quot;attachment_id&quot;:0,&quot;name&quot;:&quot;&quot;,&quot;pagename&quot;:&quot;&quot;,&quot;page_id&quot;:0,&quot;second&quot;:&quot;&quot;,&quot;minute&quot;:&quot;&quot;,&quot;hour&quot;:&quot;&quot;,&quot;day&quot;:0,&quot;monthnum&quot;:0,&quot;year&quot;:0,&quot;w&quot;:0,&quot;category_name&quot;:&quot;&quot;,&quot;tag&quot;:&quot;&quot;,&quot;cat&quot;:&quot;&quot;,&quot;tag_id&quot;:&quot;&quot;,&quot;author&quot;:&quot;&quot;,&quot;author_name&quot;:&quot;&quot;,&quot;feed&quot;:&quot;&quot;,&quot;tb&quot;:&quot;&quot;,&quot;meta_key&quot;:&quot;&quot;,&quot;meta_value&quot;:&quot;&quot;,&quot;preview&quot;:&quot;&quot;,&quot;s&quot;:&quot;&quot;,&quot;sentence&quot;:&quot;&quot;,&quot;title&quot;:&quot;&quot;,&quot;fields&quot;:&quot;all&quot;,&quot;menu_order&quot;:&quot;&quot;,&quot;embed&quot;:&quot;&quot;,&quot;category__in&quot;:[],&quot;category__not_in&quot;:[],&quot;category__and&quot;:[],&quot;post__in&quot;:[],&quot;post__not_in&quot;:[],&quot;post_name__in&quot;:[],&quot;tag__in&quot;:[],&quot;tag__not_in&quot;:[],&quot;tag__and&quot;:[],&quot;tag_slug__in&quot;:[],&quot;tag_slug__and&quot;:[],&quot;post_parent__in&quot;:[],&quot;post_parent__not_in&quot;:[],&quot;author__in&quot;:[],&quot;author__not_in&quot;:[],&quot;search_columns&quot;:[],&quot;ignore_sticky_posts&quot;:false,&quot;suppress_filters&quot;:false,&quot;cache_results&quot;:true,&quot;update_post_term_cache&quot;:true,&quot;update_menu_item_cache&quot;:false,&quot;lazy_load_term_meta&quot;:true,&quot;update_post_meta_cache&quot;:true,&quot;nopaging&quot;:false,&quot;comments_per_page&quot;:&quot;5&quot;,&quot;no_found_rows&quot;:false,&quot;order&quot;:&quot;DESC&quot;}\" data-maxpages=\"17\" data-current=\"1\" data-initposts=\"493453,493211,492737,492953,492215,491935,488307\"><span aria-current=\"page\" class=\"page-numbers current\">1<\/span>\n<a class=\"page-numbers\" href=\"https:\/\/www.tui.ch\/de\/blog\/wp-json\/wp\/v2\/pages\/85370\/page\/2\/\">2<\/a>\n<a class=\"page-numbers\" href=\"https:\/\/www.tui.ch\/de\/blog\/wp-json\/wp\/v2\/pages\/85370\/page\/3\/\">3<\/a>\n<span class=\"page-numbers dots\">&hellip;<\/span>\n<a class=\"page-numbers\" href=\"https:\/\/www.tui.ch\/de\/blog\/wp-json\/wp\/v2\/pages\/85370\/page\/17\/\">17<\/a>\n<a class=\"next page-numbers\" href=\"https:\/\/www.tui.ch\/de\/blog\/wp-json\/wp\/v2\/pages\/85370\/page\/2\/\">Weiter &raquo;<\/a><i class=\"w-icon-chevron-down\"><\/i><\/div>                        \r\n        <\/div>\r\n    \r\n<\/section>\n<\/div><\/div>\n\n<div class=\"gb-container gb-container-f3dccc26\"><div class=\"gb-inside-container\">\n<div class=\"gb-container gb-container-d4743a2b\"><div class=\"gb-inside-container\"><\/div><\/div>\n<\/div><\/div>\n\n<div class=\"gb-container gb-container-ce7e561e\"><div class=\"gb-inside-container\">\n\n<h2 class=\"gb-headline gb-headline-735fafd4 gb-headline-text\">Tipps f\u00fcr Urlaub am Meer<\/h2>\n\n\n<section class=\"article-block container\">\r\n\r\n    \r\n                                <div class=\"article__container\">\r\n                                                        <div class=\"article\">\r\n                        <a href=\" https:\/\/www.tui.ch\/de\/blog\/bodrum-und-antalya-entdecken-sommerferien-in-der-tuerkei\/ \" aria-label=\"Zwischen \u00c4g\u00e4is und Riviera: Bodrum und Antalya neu entdecken\">\r\n                            <img decoding=\"async\" src=\"https:\/\/www.tui.ch\/de\/blog\/wp-content\/uploads\/2026\/04\/Kaputas-2-331x220.jpg\" loading=\"lazy\" width=\"100%\" height=\"auto\" alt=\"\">\r\n                        <\/a>\r\n                                                <div class=\"info-grid\">\r\n                            <div><span class=\"highlighted-article__category\">Ferien am Meer<\/span><\/div>\r\n                            <div class=\"time\"><time datetime=\"Fr..Apr..2026\" itemprop=\"datePublished\">24.04.2026<\/time><\/div>\r\n                        <\/div>\r\n                        <h3 class=\"title\"><a href=\" https:\/\/www.tui.ch\/de\/blog\/bodrum-und-antalya-entdecken-sommerferien-in-der-tuerkei\/ \">Zwischen \u00c4g\u00e4is und Riviera: Bodrum und Antalya neu entdecken<\/a><\/h3>\r\n                    <\/div>\r\n                                                        <div class=\"article\">\r\n                        <a href=\" https:\/\/www.tui.ch\/de\/blog\/patras-mit-chair-airlines-geheimtipp-fuer-den-sommer\/ \" aria-label=\"Patras mit Chair Airlines: Geheimtipp f\u00fcr den Sommer\">\r\n                            <img decoding=\"async\" src=\"https:\/\/www.tui.ch\/de\/blog\/wp-content\/uploads\/2026\/02\/Blog_Patras_Chair_Titelbild_1-390x220.png\" loading=\"lazy\" width=\"100%\" height=\"auto\" alt=\"\">\r\n                        <\/a>\r\n                                                <div class=\"info-grid\">\r\n                            <div><span class=\"highlighted-article__category\">Ferien am Meer<\/span><\/div>\r\n                            <div class=\"time\"><time datetime=\"Fr..Feb..2026\" itemprop=\"datePublished\">20.02.2026<\/time><\/div>\r\n                        <\/div>\r\n                        <h3 class=\"title\"><a href=\" https:\/\/www.tui.ch\/de\/blog\/patras-mit-chair-airlines-geheimtipp-fuer-den-sommer\/ \">Patras mit Chair Airlines: Geheimtipp f\u00fcr den Sommer<\/a><\/h3>\r\n                    <\/div>\r\n                                                        <div class=\"article\">\r\n                        <a href=\" https:\/\/www.tui.ch\/de\/blog\/rixos-hotels-in-den-vereinigten-arabischen-emiraten-dein-tor-zu-luxurioesen-all-inclusive-ferien\/ \" aria-label=\"Rixos Hotels in den Vereinigten Arabischen Emiraten \u2013 dein Tor zu luxuri\u00f6sen All-Inclusive-Ferien\">\r\n                            <img decoding=\"async\" src=\"https:\/\/www.tui.ch\/de\/blog\/wp-content\/uploads\/2026\/01\/Rixos-Hotels-UAE-_-Hero-Image_TUI-390x220.jpg\" loading=\"lazy\" width=\"100%\" height=\"auto\" alt=\"\">\r\n                        <\/a>\r\n                                                <div class=\"info-grid\">\r\n                            <div><span class=\"highlighted-article__category\">Ferien am Meer<\/span><\/div>\r\n                            <div class=\"time\"><time datetime=\"Mo..Feb..2026\" itemprop=\"datePublished\">02.02.2026<\/time><\/div>\r\n                        <\/div>\r\n                        <h3 class=\"title\"><a href=\" https:\/\/www.tui.ch\/de\/blog\/rixos-hotels-in-den-vereinigten-arabischen-emiraten-dein-tor-zu-luxurioesen-all-inclusive-ferien\/ \">Rixos Hotels in den Vereinigten Arabischen Emiraten \u2013 dein Tor zu luxuri\u00f6sen All-Inclusive-Ferien<\/a><\/h3>\r\n                    <\/div>\r\n                                                        <div class=\"article\">\r\n                        <a href=\" https:\/\/www.tui.ch\/de\/blog\/la-dolce-vita-pur-christa-rigozzi-auf-sizilien\/ \" aria-label=\"La Dolce Vita pur \u2013 Christa Rigozzi auf Sizilien\">\r\n                            <img decoding=\"async\" src=\"https:\/\/www.tui.ch\/de\/blog\/wp-content\/uploads\/2025\/05\/Beitragsbild-scaled-e1747821462466-390x220.jpeg\" loading=\"lazy\" width=\"100%\" height=\"auto\" alt=\"\">\r\n                        <\/a>\r\n                                                <div class=\"info-grid\">\r\n                            <div><span class=\"highlighted-article__category\">Ferien am Meer<\/span><\/div>\r\n                            <div class=\"time\"><time datetime=\"Fr..Mai.2025\" itemprop=\"datePublished\">30.05.2025<\/time><\/div>\r\n                        <\/div>\r\n                        <h3 class=\"title\"><a href=\" https:\/\/www.tui.ch\/de\/blog\/la-dolce-vita-pur-christa-rigozzi-auf-sizilien\/ \">La Dolce Vita pur \u2013 Christa Rigozzi auf Sizilien<\/a><\/h3>\r\n                    <\/div>\r\n                                                        <div class=\"article\">\r\n                        <a href=\" https:\/\/www.tui.ch\/de\/blog\/die-seychellen-ein-paradies-fuer-naturliebhaber-kulturliebhaber-und-feinschmecker\/ \" aria-label=\"Die Seychellen: Paradies f\u00fcr Naturliebhaber und Feinschmecker\">\r\n                            <img decoding=\"async\" src=\"https:\/\/www.tui.ch\/de\/blog\/wp-content\/uploads\/2025\/04\/Bild-11-e1743583556991-390x211.jpg\" loading=\"lazy\" width=\"100%\" height=\"auto\" alt=\"\">\r\n                        <\/a>\r\n                                                <div class=\"info-grid\">\r\n                            <div><span class=\"highlighted-article__category\">Ferien am Meer<\/span><\/div>\r\n                            <div class=\"time\"><time datetime=\"Fr..Mai.2025\" itemprop=\"datePublished\">02.05.2025<\/time><\/div>\r\n                        <\/div>\r\n                        <h3 class=\"title\"><a href=\" https:\/\/www.tui.ch\/de\/blog\/die-seychellen-ein-paradies-fuer-naturliebhaber-kulturliebhaber-und-feinschmecker\/ \">Die Seychellen: Paradies f\u00fcr Naturliebhaber und Feinschmecker<\/a><\/h3>\r\n                    <\/div>\r\n                                                        <div class=\"article\">\r\n                        <a href=\" https:\/\/www.tui.ch\/de\/blog\/malta-ein-paradies-im-mittelmeer\/ \" aria-label=\"Malta: Ein Paradies im Mittelmeer\">\r\n                            <img decoding=\"async\" src=\"https:\/\/www.tui.ch\/de\/blog\/wp-content\/uploads\/2025\/04\/Bild-1-Titel-390x168.jpg\" loading=\"lazy\" width=\"100%\" height=\"auto\" alt=\"\">\r\n                        <\/a>\r\n                                                <div class=\"info-grid\">\r\n                            <div><span class=\"highlighted-article__category\">Ferien am Meer<\/span><\/div>\r\n                            <div class=\"time\"><time datetime=\"Di..Apr..2025\" itemprop=\"datePublished\">22.04.2025<\/time><\/div>\r\n                        <\/div>\r\n                        <h3 class=\"title\"><a href=\" https:\/\/www.tui.ch\/de\/blog\/malta-ein-paradies-im-mittelmeer\/ \">Malta: Ein Paradies im Mittelmeer<\/a><\/h3>\r\n                    <\/div>\r\n                \r\n                \r\n                            <\/div>\r\n            \r\n<\/section>\n<\/div><\/div>\n\n<div class=\"gb-container gb-container-5074aecd\"><div class=\"gb-inside-container\">\n<div class=\"gb-button-wrapper gb-button-wrapper-02fdb816\">\n\n<a class=\"gb-button gb-button-bcac2229 gb-button-text tui-btn\" href=\"https:\/\/www.tui.ch\/de\/blog\/reisearten\/urlaub-am-meer\/\">Alle ansehen<\/a>\n\n<\/div>\n<\/div><\/div>","protected":false},"excerpt":{"rendered":"<p>Die Welt wartet auf dich \u2013 entdecke sie mit dem TUI Blog&nbsp; Tipps f\u00fcr Urlaub am Meer<\/p>\n","protected":false},"author":160,"featured_media":0,"parent":0,"menu_order":-1,"comment_status":"closed","ping_status":"closed","template":"","meta":{"_acf_changed":false,"footnotes":""},"class_list":["post-85370","page","type-page","status-publish"],"acf":[],"yoast_head":"<!-- This site is optimized with the Yoast SEO plugin v27.4 - https:\/\/yoast.com\/product\/yoast-seo-wordpress\/ -->\n<title>TUI.ch Blog \u2013 Inspirationen, Tipps und Anregungen f\u00fcr deine Ferien<\/title>\n<meta name=\"description\" content=\"Auf dem TUI.ch Reiseblog findest du Inspirationen, Tipps und Anregungen f\u00fcr deine Ferien\" \/>\n<meta name=\"robots\" content=\"index, follow, max-snippet:-1, max-image-preview:large, max-video-preview:-1\" \/>\n<link rel=\"canonical\" href=\"https:\/\/www.tui.ch\/de\/blog\/\" \/>\n<meta property=\"og:locale\" content=\"de_DE\" \/>\n<meta property=\"og:type\" content=\"article\" \/>\n<meta property=\"og:title\" content=\"TUI.ch Blog \u2013 Inspirationen, Tipps und Anregungen f\u00fcr deine Ferien\" \/>\n<meta property=\"og:description\" content=\"Auf dem TUI.ch Reiseblog findest du Inspirationen, Tipps und Anregungen f\u00fcr deine Ferien\" \/>\n<meta property=\"og:url\" content=\"https:\/\/www.tui.ch\/de\/blog\/\" \/>\n<meta property=\"og:site_name\" content=\"TUI.ch Reiseblog\" \/>\n<meta property=\"article:modified_time\" content=\"2026-03-09T10:17:11+00:00\" \/>\n<meta property=\"og:image\" content=\"https:\/\/www.tui.ch\/de\/blog\/wp-content\/uploads\/2025\/10\/stamp_tui_blog_reisemagazin_blue.webp\" \/>\n<meta name=\"twitter:card\" content=\"summary_large_image\" \/>\n<meta name=\"twitter:label1\" content=\"Gesch\u00e4tzte Lesezeit\" \/>\n\t<meta name=\"twitter:data1\" content=\"1\u00a0Minute\" \/>\n<script type=\"application\/ld+json\" class=\"yoast-schema-graph\">{\"@context\":\"https:\\\/\\\/schema.org\",\"@graph\":[{\"@type\":\"WebPage\",\"@id\":\"https:\\\/\\\/www.tui.ch\\\/de\\\/blog\\\/\",\"url\":\"https:\\\/\\\/www.tui.ch\\\/de\\\/blog\\\/\",\"name\":\"TUI.ch Blog \u2013 Inspirationen, Tipps und Anregungen f\u00fcr deine Ferien\",\"isPartOf\":{\"@id\":\"https:\\\/\\\/www.tui.ch\\\/de\\\/blog\\\/#website\"},\"primaryImageOfPage\":{\"@id\":\"https:\\\/\\\/www.tui.ch\\\/de\\\/blog\\\/#primaryimage\"},\"image\":{\"@id\":\"https:\\\/\\\/www.tui.ch\\\/de\\\/blog\\\/#primaryimage\"},\"thumbnailUrl\":\"https:\\\/\\\/www.tui.ch\\\/de\\\/blog\\\/wp-content\\\/uploads\\\/2025\\\/10\\\/stamp_tui_blog_reisemagazin_blue.webp\",\"datePublished\":\"2023-01-10T10:57:09+00:00\",\"dateModified\":\"2026-03-09T10:17:11+00:00\",\"description\":\"Auf dem TUI.ch Reiseblog findest du Inspirationen, Tipps und Anregungen f\u00fcr deine Ferien\",\"breadcrumb\":{\"@id\":\"https:\\\/\\\/www.tui.ch\\\/de\\\/blog\\\/#breadcrumb\"},\"inLanguage\":\"de\",\"potentialAction\":[{\"@type\":\"ReadAction\",\"target\":[\"https:\\\/\\\/www.tui.ch\\\/de\\\/blog\\\/\"]}]},{\"@type\":\"ImageObject\",\"inLanguage\":\"de\",\"@id\":\"https:\\\/\\\/www.tui.ch\\\/de\\\/blog\\\/#primaryimage\",\"url\":\"https:\\\/\\\/www.tui.ch\\\/de\\\/blog\\\/wp-content\\\/uploads\\\/2025\\\/10\\\/stamp_tui_blog_reisemagazin_blue.webp\",\"contentUrl\":\"https:\\\/\\\/www.tui.ch\\\/de\\\/blog\\\/wp-content\\\/uploads\\\/2025\\\/10\\\/stamp_tui_blog_reisemagazin_blue.webp\",\"width\":428,\"height\":428},{\"@type\":\"BreadcrumbList\",\"@id\":\"https:\\\/\\\/www.tui.ch\\\/de\\\/blog\\\/#breadcrumb\",\"itemListElement\":[{\"@type\":\"ListItem\",\"position\":1,\"name\":\"Startseite\",\"item\":\"https:\\\/\\\/www.tui.ch\\\/de\\\/blog\\\/\"},{\"@type\":\"ListItem\",\"position\":2,\"name\":\"Startseite\"}]},{\"@type\":\"WebSite\",\"@id\":\"https:\\\/\\\/www.tui.ch\\\/de\\\/blog\\\/#website\",\"url\":\"https:\\\/\\\/www.tui.ch\\\/de\\\/blog\\\/\",\"name\":\"TUI.ch Reiseblog\",\"description\":\"Inspirationen, Tipps und Anregungen f\u00fcr deine Ferien\",\"publisher\":{\"@id\":\"https:\\\/\\\/www.tui.ch\\\/de\\\/blog\\\/#organization\"},\"potentialAction\":[{\"@type\":\"SearchAction\",\"target\":{\"@type\":\"EntryPoint\",\"urlTemplate\":\"https:\\\/\\\/www.tui.ch\\\/de\\\/blog\\\/?s={search_term_string}\"},\"query-input\":{\"@type\":\"PropertyValueSpecification\",\"valueRequired\":true,\"valueName\":\"search_term_string\"}}],\"inLanguage\":\"de\"},{\"@type\":\"Organization\",\"@id\":\"https:\\\/\\\/www.tui.ch\\\/de\\\/blog\\\/#organization\",\"name\":\"TUI.ch Reiseblog\",\"url\":\"https:\\\/\\\/www.tui.ch\\\/de\\\/blog\\\/\",\"logo\":{\"@type\":\"ImageObject\",\"inLanguage\":\"de\",\"@id\":\"https:\\\/\\\/www.tui.ch\\\/de\\\/blog\\\/#\\\/schema\\\/logo\\\/image\\\/\",\"url\":\"https:\\\/\\\/www.tui.ch\\\/de\\\/blog\\\/wp-content\\\/uploads\\\/2025\\\/09\\\/cropped-tui-logo-3.webp\",\"contentUrl\":\"https:\\\/\\\/www.tui.ch\\\/de\\\/blog\\\/wp-content\\\/uploads\\\/2025\\\/09\\\/cropped-tui-logo-3.webp\",\"width\":164,\"height\":72,\"caption\":\"TUI.ch Reiseblog\"},\"image\":{\"@id\":\"https:\\\/\\\/www.tui.ch\\\/de\\\/blog\\\/#\\\/schema\\\/logo\\\/image\\\/\"}}]}<\/script>\n<!-- \/ Yoast SEO plugin. -->","yoast_head_json":{"title":"TUI.ch Blog \u2013 Inspirationen, Tipps und Anregungen f\u00fcr deine Ferien","description":"Auf dem TUI.ch Reiseblog findest du Inspirationen, Tipps und Anregungen f\u00fcr deine Ferien","robots":{"index":"index","follow":"follow","max-snippet":"max-snippet:-1","max-image-preview":"max-image-preview:large","max-video-preview":"max-video-preview:-1"},"canonical":"https:\/\/www.tui.ch\/de\/blog\/","og_locale":"de_DE","og_type":"article","og_title":"TUI.ch Blog \u2013 Inspirationen, Tipps und Anregungen f\u00fcr deine Ferien","og_description":"Auf dem TUI.ch Reiseblog findest du Inspirationen, Tipps und Anregungen f\u00fcr deine Ferien","og_url":"https:\/\/www.tui.ch\/de\/blog\/","og_site_name":"TUI.ch Reiseblog","article_modified_time":"2026-03-09T10:17:11+00:00","og_image":[{"url":"https:\/\/www.tui.ch\/de\/blog\/wp-content\/uploads\/2025\/10\/stamp_tui_blog_reisemagazin_blue.webp","type":"","width":"","height":""}],"twitter_card":"summary_large_image","twitter_misc":{"Gesch\u00e4tzte Lesezeit":"1\u00a0Minute"},"schema":{"@context":"https:\/\/schema.org","@graph":[{"@type":"WebPage","@id":"https:\/\/www.tui.ch\/de\/blog\/","url":"https:\/\/www.tui.ch\/de\/blog\/","name":"TUI.ch Blog \u2013 Inspirationen, Tipps und Anregungen f\u00fcr deine Ferien","isPartOf":{"@id":"https:\/\/www.tui.ch\/de\/blog\/#website"},"primaryImageOfPage":{"@id":"https:\/\/www.tui.ch\/de\/blog\/#primaryimage"},"image":{"@id":"https:\/\/www.tui.ch\/de\/blog\/#primaryimage"},"thumbnailUrl":"https:\/\/www.tui.ch\/de\/blog\/wp-content\/uploads\/2025\/10\/stamp_tui_blog_reisemagazin_blue.webp","datePublished":"2023-01-10T10:57:09+00:00","dateModified":"2026-03-09T10:17:11+00:00","description":"Auf dem TUI.ch Reiseblog findest du Inspirationen, Tipps und Anregungen f\u00fcr deine Ferien","breadcrumb":{"@id":"https:\/\/www.tui.ch\/de\/blog\/#breadcrumb"},"inLanguage":"de","potentialAction":[{"@type":"ReadAction","target":["https:\/\/www.tui.ch\/de\/blog\/"]}]},{"@type":"ImageObject","inLanguage":"de","@id":"https:\/\/www.tui.ch\/de\/blog\/#primaryimage","url":"https:\/\/www.tui.ch\/de\/blog\/wp-content\/uploads\/2025\/10\/stamp_tui_blog_reisemagazin_blue.webp","contentUrl":"https:\/\/www.tui.ch\/de\/blog\/wp-content\/uploads\/2025\/10\/stamp_tui_blog_reisemagazin_blue.webp","width":428,"height":428},{"@type":"BreadcrumbList","@id":"https:\/\/www.tui.ch\/de\/blog\/#breadcrumb","itemListElement":[{"@type":"ListItem","position":1,"name":"Startseite","item":"https:\/\/www.tui.ch\/de\/blog\/"},{"@type":"ListItem","position":2,"name":"Startseite"}]},{"@type":"WebSite","@id":"https:\/\/www.tui.ch\/de\/blog\/#website","url":"https:\/\/www.tui.ch\/de\/blog\/","name":"TUI.ch Reiseblog","description":"Inspirationen, Tipps und Anregungen f\u00fcr deine Ferien","publisher":{"@id":"https:\/\/www.tui.ch\/de\/blog\/#organization"},"potentialAction":[{"@type":"SearchAction","target":{"@type":"EntryPoint","urlTemplate":"https:\/\/www.tui.ch\/de\/blog\/?s={search_term_string}"},"query-input":{"@type":"PropertyValueSpecification","valueRequired":true,"valueName":"search_term_string"}}],"inLanguage":"de"},{"@type":"Organization","@id":"https:\/\/www.tui.ch\/de\/blog\/#organization","name":"TUI.ch Reiseblog","url":"https:\/\/www.tui.ch\/de\/blog\/","logo":{"@type":"ImageObject","inLanguage":"de","@id":"https:\/\/www.tui.ch\/de\/blog\/#\/schema\/logo\/image\/","url":"https:\/\/www.tui.ch\/de\/blog\/wp-content\/uploads\/2025\/09\/cropped-tui-logo-3.webp","contentUrl":"https:\/\/www.tui.ch\/de\/blog\/wp-content\/uploads\/2025\/09\/cropped-tui-logo-3.webp","width":164,"height":72,"caption":"TUI.ch Reiseblog"},"image":{"@id":"https:\/\/www.tui.ch\/de\/blog\/#\/schema\/logo\/image\/"}}]}},"_links":{"self":[{"href":"https:\/\/www.tui.ch\/de\/blog\/wp-json\/wp\/v2\/pages\/85370","targetHints":{"allow":["GET"]}}],"collection":[{"href":"https:\/\/www.tui.ch\/de\/blog\/wp-json\/wp\/v2\/pages"}],"about":[{"href":"https:\/\/www.tui.ch\/de\/blog\/wp-json\/wp\/v2\/types\/page"}],"author":[{"embeddable":true,"href":"https:\/\/www.tui.ch\/de\/blog\/wp-json\/wp\/v2\/users\/160"}],"replies":[{"embeddable":true,"href":"https:\/\/www.tui.ch\/de\/blog\/wp-json\/wp\/v2\/comments?post=85370"}],"version-history":[{"count":21,"href":"https:\/\/www.tui.ch\/de\/blog\/wp-json\/wp\/v2\/pages\/85370\/revisions"}],"predecessor-version":[{"id":493137,"href":"https:\/\/www.tui.ch\/de\/blog\/wp-json\/wp\/v2\/pages\/85370\/revisions\/493137"}],"wp:attachment":[{"href":"https:\/\/www.tui.ch\/de\/blog\/wp-json\/wp\/v2\/media?parent=85370"}],"curies":[{"name":"wp","href":"https:\/\/api.w.org\/{rel}","templated":true}]}}